{"id":1883,"date":"2024-11-24T16:33:00","date_gmt":"2024-11-24T16:33:00","guid":{"rendered":"https:\/\/preima.net\/?post_type=projectes&#038;p=1883"},"modified":"2025-01-21T17:22:08","modified_gmt":"2025-01-21T17:22:08","slug":"adecuacion-al-rd-1215-1997-maquina-discos-de-corte-y-aspiracion","status":"publish","type":"projectes","link":"https:\/\/preima.net\/es\/proyectos\/adecuacion-al-rd-1215-1997-maquina-discos-de-corte-y-aspiracion\/","title":{"rendered":"Adecuaci\u00f3n al RD 1215\/1997 m\u00e1quina discos de corte y aspiraci\u00f3n"},"content":{"rendered":"\t\t<div data-elementor-type=\"wp-post\" data-elementor-id=\"1883\" class=\"elementor elementor-1883 elementor-1842\" data-elementor-post-type=\"projectes\">\n\t\t\t\t<div class=\"elementor-element elementor-element-136a192 e-con-full e-flex e-con e-parent\" data-id=\"136a192\" data-element_type=\"container\">\n\t\t<div class=\"elementor-element elementor-element-21474ba e-con-full e-flex e-con e-child\" data-id=\"21474ba\" data-element_type=\"container\">\n\t\t\t\t<div class=\"elementor-element elementor-element-5874b0d elementor-widget__width-initial elementor-widget elementor-widget-heading\" data-id=\"5874b0d\" data-element_type=\"widget\" data-widget_type=\"heading.default\">\n\t\t\t\t<div class=\"elementor-widget-container\">\n\t\t\t\t\t<h1 class=\"elementor-heading-title elementor-size-default\">PROYECTOS DE INGENIER\u00cdA Y MAQUINARIA AGR\u00cdCOLA<\/h1>\t\t\t\t<\/div>\n\t\t\t\t<\/div>\n\t\t\t\t<\/div>\n\t\t\t\t<\/div>\n\t\t<div class=\"elementor-element elementor-element-9e15c72 e-flex e-con-boxed e-con e-parent\" data-id=\"9e15c72\" data-element_type=\"container\" data-settings=\"{&quot;background_background&quot;:&quot;classic&quot;}\">\n\t\t\t\t\t<div class=\"e-con-inner\">\n\t\t<div class=\"elementor-element elementor-element-b2d110f e-con-full e-flex e-con e-child\" data-id=\"b2d110f\" data-element_type=\"container\">\n\t\t\t\t<div class=\"elementor-element elementor-element-0bdc464 elementor-widget__width-initial elementor-widget-tablet__width-inherit elementor-widget elementor-widget-heading\" data-id=\"0bdc464\" data-element_type=\"widget\" data-widget_type=\"heading.default\">\n\t\t\t\t<div class=\"elementor-widget-container\">\n\t\t\t\t\t<h2 class=\"elementor-heading-title elementor-size-default\">Adecuaci\u00f3n al RD 1215\/1997 m\u00e1quina discos de corte y aspiraci\u00f3n<\/h2>\t\t\t\t<\/div>\n\t\t\t\t<\/div>\n\t\t<div class=\"elementor-element elementor-element-02ac677 e-con-full lightbox_none e-flex e-con e-child\" data-id=\"02ac677\" data-element_type=\"container\">\n\t\t\t\t<div class=\"elementor-element elementor-element-ce87638 elementor-widget__width-initial elementor-widget elementor-widget-image\" data-id=\"ce87638\" data-element_type=\"widget\" data-widget_type=\"image.default\">\n\t\t\t\t<div class=\"elementor-widget-container\">\n\t\t\t\t\t\t\t\t\t\t\t\t<figure class=\"wp-caption\">\n\t\t\t\t\t\t\t\t\t\t\t<a href=\"https:\/\/preima.net\/wp-content\/uploads\/2024\/11\/proyect4-2.jpg\" data-elementor-open-lightbox=\"yes\" data-elementor-lightbox-title=\"proyect4-2\" data-e-action-hash=\"#elementor-action%3Aaction%3Dlightbox%26settings%3DeyJpZCI6MTU2OCwidXJsIjoiaHR0cHM6XC9cL3ByZWltYS5uZXRcL3dwLWNvbnRlbnRcL3VwbG9hZHNcLzIwMjRcLzExXC9wcm95ZWN0NC0yLmpwZyJ9\">\n\t\t\t\t\t\t\t<img fetchpriority=\"high\" decoding=\"async\" width=\"1000\" height=\"563\" src=\"https:\/\/preima.net\/wp-content\/uploads\/2024\/11\/proyect4-2.jpg\" class=\"attachment-full size-full wp-image-1568\" alt=\"\" srcset=\"https:\/\/preima.net\/wp-content\/uploads\/2024\/11\/proyect4-2.jpg 1000w, https:\/\/preima.net\/wp-content\/uploads\/2024\/11\/proyect4-2-300x169.jpg 300w, https:\/\/preima.net\/wp-content\/uploads\/2024\/11\/proyect4-2-768x432.jpg 768w\" sizes=\"(max-width: 1000px) 100vw, 1000px\" \/>\t\t\t\t\t\t\t\t<\/a>\n\t\t\t\t\t\t\t\t\t\t\t<figcaption class=\"widget-image-caption wp-caption-text\">Fotograf\u00eda \u00be delantera derecha de la m\u00e1quina<\/figcaption>\n\t\t\t\t\t\t\t\t\t\t<\/figure>\n\t\t\t\t\t\t\t\t\t<\/div>\n\t\t\t\t<\/div>\n\t\t\t\t<div class=\"elementor-element elementor-element-e8f5524 elementor-widget__width-initial elementor-widget elementor-widget-image\" data-id=\"e8f5524\" data-element_type=\"widget\" data-widget_type=\"image.default\">\n\t\t\t\t<div class=\"elementor-widget-container\">\n\t\t\t\t\t\t\t\t\t\t\t\t<figure class=\"wp-caption\">\n\t\t\t\t\t\t\t\t\t\t\t<a href=\"https:\/\/preima.net\/wp-content\/uploads\/2024\/11\/proyect-4.jpg\" data-elementor-open-lightbox=\"yes\" data-elementor-lightbox-title=\"proyect-4\" data-e-action-hash=\"#elementor-action%3Aaction%3Dlightbox%26settings%3DeyJpZCI6MTUyNywidXJsIjoiaHR0cHM6XC9cL3ByZWltYS5uZXRcL3dwLWNvbnRlbnRcL3VwbG9hZHNcLzIwMjRcLzExXC9wcm95ZWN0LTQuanBnIn0%3D\">\n\t\t\t\t\t\t\t<img decoding=\"async\" width=\"1000\" height=\"563\" src=\"https:\/\/preima.net\/wp-content\/uploads\/2024\/11\/proyect-4.jpg\" class=\"attachment-full size-full wp-image-1527\" alt=\"\" srcset=\"https:\/\/preima.net\/wp-content\/uploads\/2024\/11\/proyect-4.jpg 1000w, https:\/\/preima.net\/wp-content\/uploads\/2024\/11\/proyect-4-300x169.jpg 300w, https:\/\/preima.net\/wp-content\/uploads\/2024\/11\/proyect-4-768x432.jpg 768w\" sizes=\"(max-width: 1000px) 100vw, 1000px\" \/>\t\t\t\t\t\t\t\t<\/a>\n\t\t\t\t\t\t\t\t\t\t\t<figcaption class=\"widget-image-caption wp-caption-text\">Fotograf\u00eda \u00be delantera izquierda de la m\u00e1quina<\/figcaption>\n\t\t\t\t\t\t\t\t\t\t<\/figure>\n\t\t\t\t\t\t\t\t\t<\/div>\n\t\t\t\t<\/div>\n\t\t\t\t<\/div>\n\t\t\t\t<div class=\"elementor-element elementor-element-831fcf4 elementor-widget__width-initial elementor-widget-tablet__width-inherit elementor-widget elementor-widget-text-editor\" data-id=\"831fcf4\" data-element_type=\"widget\" data-widget_type=\"text-editor.default\">\n\t\t\t\t<div class=\"elementor-widget-container\">\n\t\t\t\t\t\t\t\t\t<p><span>Realizaci\u00f3n de la adecuaci\u00f3n en el RD 1215\/1997 de la m\u00e1quina Discos de Corte y Aspiraci\u00f3n destinada a la apertura y limpieza de aves para la alimentaci\u00f3n.<\/span><\/p><p><span>Revisi\u00f3n in situ de la m\u00e1quina, toma de datos y realizaci\u00f3n de las fotograf\u00edas del estado actual. Confecci\u00f3n del Informe Previo en el que se indican las acciones correctivas a realizar para su cumplimiento con el RD 1215\/1997.<\/span><\/p><p><span>Realizadas las mejoras indicadas en el Informe Previo, nueva revisi\u00f3n de la m\u00e1quina.<\/span><\/p><p><span>Finalizadas las acciones correctivas y comprobadas, realizaci\u00f3n del Informe Final firmado y visado por el Colegio de Ingenieros Graduados y de Ingenieros T\u00e9cnicos de Lleida (CETILL), en el que se indica la conformidad de la m\u00e1quina con el RD 1215 \/1997.<\/span><\/p>\t\t\t\t\t\t\t\t<\/div>\n\t\t\t\t<\/div>\n\t\t\t\t<\/div>\n\t\t\t\t\t<\/div>\n\t\t\t\t<\/div>\n\t\t\t\t<\/div>\n\t\t","protected":false},"featured_media":1527,"template":"","meta":{"_acf_changed":false},"categoria-projecte":[],"class_list":["post-1883","projectes","type-projectes","status-publish","has-post-thumbnail","hentry"],"acf":[],"yoast_head":"<!-- This site is optimized with the Yoast SEO plugin v26.0 - https:\/\/yoast.com\/wordpress\/plugins\/seo\/ -->\n<title>Adecuaci\u00f3n al RD 1215\/1997 m\u00e1quina discos de corte y aspiraci\u00f3n - PREiMA<\/title>\n<meta name=\"robots\" content=\"index, follow, max-snippet:-1, max-image-preview:large, max-video-preview:-1\" \/>\n<link rel=\"canonical\" href=\"https:\/\/preima.net\/es\/proyectos\/adecuacion-al-rd-1215-1997-maquina-discos-de-corte-y-aspiracion\/\" \/>\n<meta property=\"og:locale\" content=\"es_ES\" \/>\n<meta property=\"og:type\" content=\"article\" \/>\n<meta property=\"og:title\" content=\"Adecuaci\u00f3n al RD 1215\/1997 m\u00e1quina discos de corte y aspiraci\u00f3n - PREiMA\" \/>\n<meta property=\"og:description\" content=\"PROYECTOS DE INGENIER\u00cdA Y MAQUINARIA AGR\u00cdCOLA Adecuaci\u00f3n al RD 1215\/1997 m\u00e1quina discos de corte y aspiraci\u00f3n Fotograf\u00eda \u00be delantera derecha de la m\u00e1quina Fotograf\u00eda \u00be delantera izquierda de la m\u00e1quina Realizaci\u00f3n de la adecuaci\u00f3n en el RD 1215\/1997 de la m\u00e1quina Discos de Corte y Aspiraci\u00f3n destinada a la apertura y limpieza de aves para [&hellip;]\" \/>\n<meta property=\"og:url\" content=\"https:\/\/preima.net\/es\/proyectos\/adecuacion-al-rd-1215-1997-maquina-discos-de-corte-y-aspiracion\/\" \/>\n<meta property=\"og:site_name\" content=\"PREiMA\" \/>\n<meta property=\"article:modified_time\" content=\"2025-01-21T17:22:08+00:00\" \/>\n<meta property=\"og:image\" content=\"https:\/\/preima.net\/wp-content\/uploads\/2024\/11\/proyect-4.jpg\" \/>\n\t<meta property=\"og:image:width\" content=\"1000\" \/>\n\t<meta property=\"og:image:height\" content=\"563\" \/>\n\t<meta property=\"og:image:type\" content=\"image\/jpeg\" \/>\n<meta name=\"twitter:card\" content=\"summary_large_image\" \/>\n<meta name=\"twitter:label1\" content=\"Tiempo de lectura\" \/>\n\t<meta name=\"twitter:data1\" content=\"2 minutos\" \/>\n<script type=\"application\/ld+json\" class=\"yoast-schema-graph\">{\"@context\":\"https:\/\/schema.org\",\"@graph\":[{\"@type\":\"WebPage\",\"@id\":\"https:\/\/preima.net\/es\/proyectos\/adecuacion-al-rd-1215-1997-maquina-discos-de-corte-y-aspiracion\/\",\"url\":\"https:\/\/preima.net\/es\/proyectos\/adecuacion-al-rd-1215-1997-maquina-discos-de-corte-y-aspiracion\/\",\"name\":\"Adecuaci\u00f3n al RD 1215\/1997 m\u00e1quina discos de corte y aspiraci\u00f3n - PREiMA\",\"isPartOf\":{\"@id\":\"https:\/\/preima.net\/es\/#website\"},\"primaryImageOfPage\":{\"@id\":\"https:\/\/preima.net\/es\/proyectos\/adecuacion-al-rd-1215-1997-maquina-discos-de-corte-y-aspiracion\/#primaryimage\"},\"image\":{\"@id\":\"https:\/\/preima.net\/es\/proyectos\/adecuacion-al-rd-1215-1997-maquina-discos-de-corte-y-aspiracion\/#primaryimage\"},\"thumbnailUrl\":\"https:\/\/preima.net\/wp-content\/uploads\/2024\/11\/proyect-4.jpg\",\"datePublished\":\"2024-11-24T16:33:00+00:00\",\"dateModified\":\"2025-01-21T17:22:08+00:00\",\"breadcrumb\":{\"@id\":\"https:\/\/preima.net\/es\/proyectos\/adecuacion-al-rd-1215-1997-maquina-discos-de-corte-y-aspiracion\/#breadcrumb\"},\"inLanguage\":\"es\",\"potentialAction\":[{\"@type\":\"ReadAction\",\"target\":[\"https:\/\/preima.net\/es\/proyectos\/adecuacion-al-rd-1215-1997-maquina-discos-de-corte-y-aspiracion\/\"]}]},{\"@type\":\"ImageObject\",\"inLanguage\":\"es\",\"@id\":\"https:\/\/preima.net\/es\/proyectos\/adecuacion-al-rd-1215-1997-maquina-discos-de-corte-y-aspiracion\/#primaryimage\",\"url\":\"https:\/\/preima.net\/wp-content\/uploads\/2024\/11\/proyect-4.jpg\",\"contentUrl\":\"https:\/\/preima.net\/wp-content\/uploads\/2024\/11\/proyect-4.jpg\",\"width\":1000,\"height\":563,\"caption\":\"Fotografia \u00be davantera esquerra de la m\u00e0quina\"},{\"@type\":\"BreadcrumbList\",\"@id\":\"https:\/\/preima.net\/es\/proyectos\/adecuacion-al-rd-1215-1997-maquina-discos-de-corte-y-aspiracion\/#breadcrumb\",\"itemListElement\":[{\"@type\":\"ListItem\",\"position\":1,\"name\":\"Inici\",\"item\":\"https:\/\/preima.net\/es\/\"},{\"@type\":\"ListItem\",\"position\":2,\"name\":\"Projectes\",\"item\":\"https:\/\/preima.net\/es\/proyectos\/\"},{\"@type\":\"ListItem\",\"position\":3,\"name\":\"Adecuaci\u00f3n al RD 1215\/1997 m\u00e1quina discos de corte y aspiraci\u00f3n\"}]},{\"@type\":\"WebSite\",\"@id\":\"https:\/\/preima.net\/es\/#website\",\"url\":\"https:\/\/preima.net\/es\/\",\"name\":\"PREiMA\",\"description\":\"\",\"publisher\":{\"@id\":\"https:\/\/preima.net\/es\/#organization\"},\"potentialAction\":[{\"@type\":\"SearchAction\",\"target\":{\"@type\":\"EntryPoint\",\"urlTemplate\":\"https:\/\/preima.net\/es\/?s={search_term_string}\"},\"query-input\":{\"@type\":\"PropertyValueSpecification\",\"valueRequired\":true,\"valueName\":\"search_term_string\"}}],\"inLanguage\":\"es\"},{\"@type\":\"Organization\",\"@id\":\"https:\/\/preima.net\/es\/#organization\",\"name\":\"PREiMA\",\"url\":\"https:\/\/preima.net\/es\/\",\"logo\":{\"@type\":\"ImageObject\",\"inLanguage\":\"es\",\"@id\":\"https:\/\/preima.net\/es\/#\/schema\/logo\/image\/\",\"url\":\"https:\/\/preima.net\/wp-content\/uploads\/2023\/03\/logo-preima.png\",\"contentUrl\":\"https:\/\/preima.net\/wp-content\/uploads\/2023\/03\/logo-preima.png\",\"width\":432,\"height\":83,\"caption\":\"PREiMA\"},\"image\":{\"@id\":\"https:\/\/preima.net\/es\/#\/schema\/logo\/image\/\"},\"sameAs\":[\"https:\/\/www.linkedin.com\/company\/preima-enginyers\/\"]}]}<\/script>\n<!-- \/ Yoast SEO plugin. -->","yoast_head_json":{"title":"Adecuaci\u00f3n al RD 1215\/1997 m\u00e1quina discos de corte y aspiraci\u00f3n - PREiMA","robots":{"index":"index","follow":"follow","max-snippet":"max-snippet:-1","max-image-preview":"max-image-preview:large","max-video-preview":"max-video-preview:-1"},"canonical":"https:\/\/preima.net\/es\/proyectos\/adecuacion-al-rd-1215-1997-maquina-discos-de-corte-y-aspiracion\/","og_locale":"es_ES","og_type":"article","og_title":"Adecuaci\u00f3n al RD 1215\/1997 m\u00e1quina discos de corte y aspiraci\u00f3n - PREiMA","og_description":"PROYECTOS DE INGENIER\u00cdA Y MAQUINARIA AGR\u00cdCOLA Adecuaci\u00f3n al RD 1215\/1997 m\u00e1quina discos de corte y aspiraci\u00f3n Fotograf\u00eda \u00be delantera derecha de la m\u00e1quina Fotograf\u00eda \u00be delantera izquierda de la m\u00e1quina Realizaci\u00f3n de la adecuaci\u00f3n en el RD 1215\/1997 de la m\u00e1quina Discos de Corte y Aspiraci\u00f3n destinada a la apertura y limpieza de aves para [&hellip;]","og_url":"https:\/\/preima.net\/es\/proyectos\/adecuacion-al-rd-1215-1997-maquina-discos-de-corte-y-aspiracion\/","og_site_name":"PREiMA","article_modified_time":"2025-01-21T17:22:08+00:00","og_image":[{"width":1000,"height":563,"url":"https:\/\/preima.net\/wp-content\/uploads\/2024\/11\/proyect-4.jpg","type":"image\/jpeg"}],"twitter_card":"summary_large_image","twitter_misc":{"Tiempo de lectura":"2 minutos"},"schema":{"@context":"https:\/\/schema.org","@graph":[{"@type":"WebPage","@id":"https:\/\/preima.net\/es\/proyectos\/adecuacion-al-rd-1215-1997-maquina-discos-de-corte-y-aspiracion\/","url":"https:\/\/preima.net\/es\/proyectos\/adecuacion-al-rd-1215-1997-maquina-discos-de-corte-y-aspiracion\/","name":"Adecuaci\u00f3n al RD 1215\/1997 m\u00e1quina discos de corte y aspiraci\u00f3n - PREiMA","isPartOf":{"@id":"https:\/\/preima.net\/es\/#website"},"primaryImageOfPage":{"@id":"https:\/\/preima.net\/es\/proyectos\/adecuacion-al-rd-1215-1997-maquina-discos-de-corte-y-aspiracion\/#primaryimage"},"image":{"@id":"https:\/\/preima.net\/es\/proyectos\/adecuacion-al-rd-1215-1997-maquina-discos-de-corte-y-aspiracion\/#primaryimage"},"thumbnailUrl":"https:\/\/preima.net\/wp-content\/uploads\/2024\/11\/proyect-4.jpg","datePublished":"2024-11-24T16:33:00+00:00","dateModified":"2025-01-21T17:22:08+00:00","breadcrumb":{"@id":"https:\/\/preima.net\/es\/proyectos\/adecuacion-al-rd-1215-1997-maquina-discos-de-corte-y-aspiracion\/#breadcrumb"},"inLanguage":"es","potentialAction":[{"@type":"ReadAction","target":["https:\/\/preima.net\/es\/proyectos\/adecuacion-al-rd-1215-1997-maquina-discos-de-corte-y-aspiracion\/"]}]},{"@type":"ImageObject","inLanguage":"es","@id":"https:\/\/preima.net\/es\/proyectos\/adecuacion-al-rd-1215-1997-maquina-discos-de-corte-y-aspiracion\/#primaryimage","url":"https:\/\/preima.net\/wp-content\/uploads\/2024\/11\/proyect-4.jpg","contentUrl":"https:\/\/preima.net\/wp-content\/uploads\/2024\/11\/proyect-4.jpg","width":1000,"height":563,"caption":"Fotografia \u00be davantera esquerra de la m\u00e0quina"},{"@type":"BreadcrumbList","@id":"https:\/\/preima.net\/es\/proyectos\/adecuacion-al-rd-1215-1997-maquina-discos-de-corte-y-aspiracion\/#breadcrumb","itemListElement":[{"@type":"ListItem","position":1,"name":"Inici","item":"https:\/\/preima.net\/es\/"},{"@type":"ListItem","position":2,"name":"Projectes","item":"https:\/\/preima.net\/es\/proyectos\/"},{"@type":"ListItem","position":3,"name":"Adecuaci\u00f3n al RD 1215\/1997 m\u00e1quina discos de corte y aspiraci\u00f3n"}]},{"@type":"WebSite","@id":"https:\/\/preima.net\/es\/#website","url":"https:\/\/preima.net\/es\/","name":"PREiMA","description":"","publisher":{"@id":"https:\/\/preima.net\/es\/#organization"},"potentialAction":[{"@type":"SearchAction","target":{"@type":"EntryPoint","urlTemplate":"https:\/\/preima.net\/es\/?s={search_term_string}"},"query-input":{"@type":"PropertyValueSpecification","valueRequired":true,"valueName":"search_term_string"}}],"inLanguage":"es"},{"@type":"Organization","@id":"https:\/\/preima.net\/es\/#organization","name":"PREiMA","url":"https:\/\/preima.net\/es\/","logo":{"@type":"ImageObject","inLanguage":"es","@id":"https:\/\/preima.net\/es\/#\/schema\/logo\/image\/","url":"https:\/\/preima.net\/wp-content\/uploads\/2023\/03\/logo-preima.png","contentUrl":"https:\/\/preima.net\/wp-content\/uploads\/2023\/03\/logo-preima.png","width":432,"height":83,"caption":"PREiMA"},"image":{"@id":"https:\/\/preima.net\/es\/#\/schema\/logo\/image\/"},"sameAs":["https:\/\/www.linkedin.com\/company\/preima-enginyers\/"]}]}},"_links":{"self":[{"href":"https:\/\/preima.net\/es\/wp-json\/wp\/v2\/projectes\/1883","targetHints":{"allow":["GET"]}}],"collection":[{"href":"https:\/\/preima.net\/es\/wp-json\/wp\/v2\/projectes"}],"about":[{"href":"https:\/\/preima.net\/es\/wp-json\/wp\/v2\/types\/projectes"}],"version-history":[{"count":4,"href":"https:\/\/preima.net\/es\/wp-json\/wp\/v2\/projectes\/1883\/revisions"}],"predecessor-version":[{"id":1887,"href":"https:\/\/preima.net\/es\/wp-json\/wp\/v2\/projectes\/1883\/revisions\/1887"}],"wp:featuredmedia":[{"embeddable":true,"href":"https:\/\/preima.net\/es\/wp-json\/wp\/v2\/media\/1527"}],"wp:attachment":[{"href":"https:\/\/preima.net\/es\/wp-json\/wp\/v2\/media?parent=1883"}],"wp:term":[{"taxonomy":"categoria-projecte","embeddable":true,"href":"https:\/\/preima.net\/es\/wp-json\/wp\/v2\/categoria-projecte?post=1883"}],"curies":[{"name":"wp","href":"https:\/\/api.w.org\/{rel}","templated":true}]}}