{"id":1903,"date":"2024-11-16T16:35:00","date_gmt":"2024-11-16T16:35:00","guid":{"rendered":"https:\/\/preima.net\/?post_type=projectes&#038;p=1903"},"modified":"2025-01-21T17:25:22","modified_gmt":"2025-01-21T17:25:22","slug":"ficha-reducida-remolque-gassol-1978","status":"publish","type":"projectes","link":"https:\/\/preima.net\/es\/proyectos\/ficha-reducida-remolque-gassol-1978\/","title":{"rendered":"Ficha reducida remolque Gassol (1978)"},"content":{"rendered":"\t\t<div data-elementor-type=\"wp-post\" data-elementor-id=\"1903\" class=\"elementor elementor-1903 elementor-1859\" data-elementor-post-type=\"projectes\">\n\t\t\t\t<div class=\"elementor-element elementor-element-93c5820 e-con-full e-flex e-con e-parent\" data-id=\"93c5820\" data-element_type=\"container\">\n\t\t<div class=\"elementor-element elementor-element-1443e6e e-con-full e-flex e-con e-child\" data-id=\"1443e6e\" data-element_type=\"container\">\n\t\t\t\t<div class=\"elementor-element elementor-element-b4a2866 elementor-widget__width-initial elementor-widget elementor-widget-heading\" data-id=\"b4a2866\" data-element_type=\"widget\" data-widget_type=\"heading.default\">\n\t\t\t\t<div class=\"elementor-widget-container\">\n\t\t\t\t\t<h1 class=\"elementor-heading-title elementor-size-default\">PROYECTOS DE INGENIER\u00cdA Y MAQUINARIA AGR\u00cdCOLA<\/h1>\t\t\t\t<\/div>\n\t\t\t\t<\/div>\n\t\t\t\t<\/div>\n\t\t\t\t<\/div>\n\t\t<div class=\"elementor-element elementor-element-26bdbd2 e-flex e-con-boxed e-con e-parent\" data-id=\"26bdbd2\" data-element_type=\"container\" data-settings=\"{&quot;background_background&quot;:&quot;classic&quot;}\">\n\t\t\t\t\t<div class=\"e-con-inner\">\n\t\t<div class=\"elementor-element elementor-element-fccf4db e-con-full e-flex e-con e-child\" data-id=\"fccf4db\" data-element_type=\"container\">\n\t\t\t\t<div class=\"elementor-element elementor-element-71f3535 elementor-widget-tablet__width-inherit elementor-widget elementor-widget-heading\" data-id=\"71f3535\" data-element_type=\"widget\" data-widget_type=\"heading.default\">\n\t\t\t\t<div class=\"elementor-widget-container\">\n\t\t\t\t\t<h2 class=\"elementor-heading-title elementor-size-default\">Ficha reducida remolque Gassol (1978)<\/h2>\t\t\t\t<\/div>\n\t\t\t\t<\/div>\n\t\t<div class=\"elementor-element elementor-element-9da22e2 e-con-full e-flex e-con e-child\" data-id=\"9da22e2\" data-element_type=\"container\">\n\t\t\t\t<div class=\"elementor-element elementor-element-cd76a84 elementor-widget__width-initial elementor-widget elementor-widget-image\" data-id=\"cd76a84\" data-element_type=\"widget\" data-widget_type=\"image.default\">\n\t\t\t\t<div class=\"elementor-widget-container\">\n\t\t\t\t\t\t\t\t\t\t\t\t<figure class=\"wp-caption\">\n\t\t\t\t\t\t\t\t\t\t\t<a href=\"https:\/\/preima.net\/wp-content\/uploads\/2024\/11\/proyect-6.jpg\" data-elementor-open-lightbox=\"yes\" data-elementor-lightbox-title=\"proyect-6\" data-e-action-hash=\"#elementor-action%3Aaction%3Dlightbox%26settings%3DeyJpZCI6MTU2NSwidXJsIjoiaHR0cHM6XC9cL3ByZWltYS5uZXRcL3dwLWNvbnRlbnRcL3VwbG9hZHNcLzIwMjRcLzExXC9wcm95ZWN0LTYuanBnIn0%3D\">\n\t\t\t\t\t\t\t<img fetchpriority=\"high\" decoding=\"async\" width=\"1000\" height=\"563\" src=\"https:\/\/preima.net\/wp-content\/uploads\/2024\/11\/proyect-6.jpg\" class=\"attachment-full size-full wp-image-1565\" alt=\"\" srcset=\"https:\/\/preima.net\/wp-content\/uploads\/2024\/11\/proyect-6.jpg 1000w, https:\/\/preima.net\/wp-content\/uploads\/2024\/11\/proyect-6-300x169.jpg 300w, https:\/\/preima.net\/wp-content\/uploads\/2024\/11\/proyect-6-768x432.jpg 768w\" sizes=\"(max-width: 1000px) 100vw, 1000px\" \/>\t\t\t\t\t\t\t\t<\/a>\n\t\t\t\t\t\t\t\t\t\t\t<figcaption class=\"widget-image-caption wp-caption-text\">Fotograf\u00eda \u00be delantera derecha del remolque<\/figcaption>\n\t\t\t\t\t\t\t\t\t\t<\/figure>\n\t\t\t\t\t\t\t\t\t<\/div>\n\t\t\t\t<\/div>\n\t\t\t\t<div class=\"elementor-element elementor-element-3e66a0d elementor-widget__width-initial elementor-widget elementor-widget-image\" data-id=\"3e66a0d\" data-element_type=\"widget\" data-widget_type=\"image.default\">\n\t\t\t\t<div class=\"elementor-widget-container\">\n\t\t\t\t\t\t\t\t\t\t\t\t<figure class=\"wp-caption\">\n\t\t\t\t\t\t\t\t\t\t\t<a href=\"https:\/\/preima.net\/wp-content\/uploads\/2024\/11\/Fitxa-reduida-remolc.jpg\" data-elementor-open-lightbox=\"yes\" data-elementor-lightbox-title=\"Fitxa-redu\u00efda-remolc\" data-e-action-hash=\"#elementor-action%3Aaction%3Dlightbox%26settings%3DeyJpZCI6MTU3MywidXJsIjoiaHR0cHM6XC9cL3ByZWltYS5uZXRcL3dwLWNvbnRlbnRcL3VwbG9hZHNcLzIwMjRcLzExXC9GaXR4YS1yZWR1aWRhLXJlbW9sYy5qcGcifQ%3D%3D\">\n\t\t\t\t\t\t\t<img decoding=\"async\" width=\"1000\" height=\"563\" src=\"https:\/\/preima.net\/wp-content\/uploads\/2024\/11\/Fitxa-reduida-remolc.jpg\" class=\"attachment-full size-full wp-image-1573\" alt=\"\" srcset=\"https:\/\/preima.net\/wp-content\/uploads\/2024\/11\/Fitxa-reduida-remolc.jpg 1000w, https:\/\/preima.net\/wp-content\/uploads\/2024\/11\/Fitxa-reduida-remolc-300x169.jpg 300w, https:\/\/preima.net\/wp-content\/uploads\/2024\/11\/Fitxa-reduida-remolc-768x432.jpg 768w\" sizes=\"(max-width: 1000px) 100vw, 1000px\" \/>\t\t\t\t\t\t\t\t<\/a>\n\t\t\t\t\t\t\t\t\t\t\t<figcaption class=\"widget-image-caption wp-caption-text\">Fotograf\u00eda \u00be posterior izquierda del remolque<\/figcaption>\n\t\t\t\t\t\t\t\t\t\t<\/figure>\n\t\t\t\t\t\t\t\t\t<\/div>\n\t\t\t\t<\/div>\n\t\t\t\t<\/div>\n\t\t\t\t<div class=\"elementor-element elementor-element-8d8ccef elementor-widget__width-initial elementor-widget-tablet__width-inherit elementor-widget elementor-widget-text-editor\" data-id=\"8d8ccef\" data-element_type=\"widget\" data-widget_type=\"text-editor.default\">\n\t\t\t\t<div class=\"elementor-widget-container\">\n\t\t\t\t\t\t\t\t\t<p><span>Revisi\u00f3n in situ y toma de datos del remolque, indicando al cliente los cambios a realizar para cumplir con la normativa de aplicaci\u00f3n.<\/span><\/p><p><span>Realizaci\u00f3n de la ficha reducida particularizada del veh\u00edculo posteriormente firmada y visada por el Colegio de Ingenieros Graduados y de Ingenieros T\u00e9cnicos de Lleida (CETILL).<\/span><\/p><p><span>Por \u00faltimo, entrega de la documentaci\u00f3n al cliente ya la estaci\u00f3n ITV.<\/span><\/p>\t\t\t\t\t\t\t\t<\/div>\n\t\t\t\t<\/div>\n\t\t\t\t<\/div>\n\t\t\t\t\t<\/div>\n\t\t\t\t<\/div>\n\t\t\t\t<\/div>\n\t\t","protected":false},"featured_media":1565,"template":"","meta":{"_acf_changed":false},"categoria-projecte":[],"class_list":["post-1903","projectes","type-projectes","status-publish","has-post-thumbnail","hentry"],"acf":[],"yoast_head":"<!-- This site is optimized with the Yoast SEO plugin v26.0 - https:\/\/yoast.com\/wordpress\/plugins\/seo\/ -->\n<title>Ficha reducida remolque Gassol (1978) - PREiMA<\/title>\n<meta name=\"robots\" content=\"index, follow, max-snippet:-1, max-image-preview:large, max-video-preview:-1\" \/>\n<link rel=\"canonical\" href=\"https:\/\/preima.net\/es\/proyectos\/ficha-reducida-remolque-gassol-1978\/\" \/>\n<meta property=\"og:locale\" content=\"es_ES\" \/>\n<meta property=\"og:type\" content=\"article\" \/>\n<meta property=\"og:title\" content=\"Ficha reducida remolque Gassol (1978) - PREiMA\" \/>\n<meta property=\"og:description\" content=\"PROYECTOS DE INGENIER\u00cdA Y MAQUINARIA AGR\u00cdCOLA Ficha reducida remolque Gassol (1978) Fotograf\u00eda \u00be delantera derecha del remolque Fotograf\u00eda \u00be posterior izquierda del remolque Revisi\u00f3n in situ y toma de datos del remolque, indicando al cliente los cambios a realizar para cumplir con la normativa de aplicaci\u00f3n. Realizaci\u00f3n de la ficha reducida particularizada del veh\u00edculo posteriormente [&hellip;]\" \/>\n<meta property=\"og:url\" content=\"https:\/\/preima.net\/es\/proyectos\/ficha-reducida-remolque-gassol-1978\/\" \/>\n<meta property=\"og:site_name\" content=\"PREiMA\" \/>\n<meta property=\"article:modified_time\" content=\"2025-01-21T17:25:22+00:00\" \/>\n<meta property=\"og:image\" content=\"https:\/\/preima.net\/wp-content\/uploads\/2024\/11\/proyect-6.jpg\" \/>\n\t<meta property=\"og:image:width\" content=\"1000\" \/>\n\t<meta property=\"og:image:height\" content=\"563\" \/>\n\t<meta property=\"og:image:type\" content=\"image\/jpeg\" \/>\n<meta name=\"twitter:card\" content=\"summary_large_image\" \/>\n<meta name=\"twitter:label1\" content=\"Tiempo de lectura\" \/>\n\t<meta name=\"twitter:data1\" content=\"1 minuto\" \/>\n<script type=\"application\/ld+json\" class=\"yoast-schema-graph\">{\"@context\":\"https:\/\/schema.org\",\"@graph\":[{\"@type\":\"WebPage\",\"@id\":\"https:\/\/preima.net\/es\/proyectos\/ficha-reducida-remolque-gassol-1978\/\",\"url\":\"https:\/\/preima.net\/es\/proyectos\/ficha-reducida-remolque-gassol-1978\/\",\"name\":\"Ficha reducida remolque Gassol (1978) - PREiMA\",\"isPartOf\":{\"@id\":\"https:\/\/preima.net\/es\/#website\"},\"primaryImageOfPage\":{\"@id\":\"https:\/\/preima.net\/es\/proyectos\/ficha-reducida-remolque-gassol-1978\/#primaryimage\"},\"image\":{\"@id\":\"https:\/\/preima.net\/es\/proyectos\/ficha-reducida-remolque-gassol-1978\/#primaryimage\"},\"thumbnailUrl\":\"https:\/\/preima.net\/wp-content\/uploads\/2024\/11\/proyect-6.jpg\",\"datePublished\":\"2024-11-16T16:35:00+00:00\",\"dateModified\":\"2025-01-21T17:25:22+00:00\",\"breadcrumb\":{\"@id\":\"https:\/\/preima.net\/es\/proyectos\/ficha-reducida-remolque-gassol-1978\/#breadcrumb\"},\"inLanguage\":\"es\",\"potentialAction\":[{\"@type\":\"ReadAction\",\"target\":[\"https:\/\/preima.net\/es\/proyectos\/ficha-reducida-remolque-gassol-1978\/\"]}]},{\"@type\":\"ImageObject\",\"inLanguage\":\"es\",\"@id\":\"https:\/\/preima.net\/es\/proyectos\/ficha-reducida-remolque-gassol-1978\/#primaryimage\",\"url\":\"https:\/\/preima.net\/wp-content\/uploads\/2024\/11\/proyect-6.jpg\",\"contentUrl\":\"https:\/\/preima.net\/wp-content\/uploads\/2024\/11\/proyect-6.jpg\",\"width\":1000,\"height\":563,\"caption\":\"Fotografia \u00be davantera dreta del remolc\"},{\"@type\":\"BreadcrumbList\",\"@id\":\"https:\/\/preima.net\/es\/proyectos\/ficha-reducida-remolque-gassol-1978\/#breadcrumb\",\"itemListElement\":[{\"@type\":\"ListItem\",\"position\":1,\"name\":\"Inici\",\"item\":\"https:\/\/preima.net\/es\/\"},{\"@type\":\"ListItem\",\"position\":2,\"name\":\"Projectes\",\"item\":\"https:\/\/preima.net\/es\/proyectos\/\"},{\"@type\":\"ListItem\",\"position\":3,\"name\":\"Ficha reducida remolque Gassol (1978)\"}]},{\"@type\":\"WebSite\",\"@id\":\"https:\/\/preima.net\/es\/#website\",\"url\":\"https:\/\/preima.net\/es\/\",\"name\":\"PREiMA\",\"description\":\"\",\"publisher\":{\"@id\":\"https:\/\/preima.net\/es\/#organization\"},\"potentialAction\":[{\"@type\":\"SearchAction\",\"target\":{\"@type\":\"EntryPoint\",\"urlTemplate\":\"https:\/\/preima.net\/es\/?s={search_term_string}\"},\"query-input\":{\"@type\":\"PropertyValueSpecification\",\"valueRequired\":true,\"valueName\":\"search_term_string\"}}],\"inLanguage\":\"es\"},{\"@type\":\"Organization\",\"@id\":\"https:\/\/preima.net\/es\/#organization\",\"name\":\"PREiMA\",\"url\":\"https:\/\/preima.net\/es\/\",\"logo\":{\"@type\":\"ImageObject\",\"inLanguage\":\"es\",\"@id\":\"https:\/\/preima.net\/es\/#\/schema\/logo\/image\/\",\"url\":\"https:\/\/preima.net\/wp-content\/uploads\/2023\/03\/logo-preima.png\",\"contentUrl\":\"https:\/\/preima.net\/wp-content\/uploads\/2023\/03\/logo-preima.png\",\"width\":432,\"height\":83,\"caption\":\"PREiMA\"},\"image\":{\"@id\":\"https:\/\/preima.net\/es\/#\/schema\/logo\/image\/\"},\"sameAs\":[\"https:\/\/www.linkedin.com\/company\/preima-enginyers\/\"]}]}<\/script>\n<!-- \/ Yoast SEO plugin. -->","yoast_head_json":{"title":"Ficha reducida remolque Gassol (1978) - PREiMA","robots":{"index":"index","follow":"follow","max-snippet":"max-snippet:-1","max-image-preview":"max-image-preview:large","max-video-preview":"max-video-preview:-1"},"canonical":"https:\/\/preima.net\/es\/proyectos\/ficha-reducida-remolque-gassol-1978\/","og_locale":"es_ES","og_type":"article","og_title":"Ficha reducida remolque Gassol (1978) - PREiMA","og_description":"PROYECTOS DE INGENIER\u00cdA Y MAQUINARIA AGR\u00cdCOLA Ficha reducida remolque Gassol (1978) Fotograf\u00eda \u00be delantera derecha del remolque Fotograf\u00eda \u00be posterior izquierda del remolque Revisi\u00f3n in situ y toma de datos del remolque, indicando al cliente los cambios a realizar para cumplir con la normativa de aplicaci\u00f3n. Realizaci\u00f3n de la ficha reducida particularizada del veh\u00edculo posteriormente [&hellip;]","og_url":"https:\/\/preima.net\/es\/proyectos\/ficha-reducida-remolque-gassol-1978\/","og_site_name":"PREiMA","article_modified_time":"2025-01-21T17:25:22+00:00","og_image":[{"width":1000,"height":563,"url":"https:\/\/preima.net\/wp-content\/uploads\/2024\/11\/proyect-6.jpg","type":"image\/jpeg"}],"twitter_card":"summary_large_image","twitter_misc":{"Tiempo de lectura":"1 minuto"},"schema":{"@context":"https:\/\/schema.org","@graph":[{"@type":"WebPage","@id":"https:\/\/preima.net\/es\/proyectos\/ficha-reducida-remolque-gassol-1978\/","url":"https:\/\/preima.net\/es\/proyectos\/ficha-reducida-remolque-gassol-1978\/","name":"Ficha reducida remolque Gassol (1978) - PREiMA","isPartOf":{"@id":"https:\/\/preima.net\/es\/#website"},"primaryImageOfPage":{"@id":"https:\/\/preima.net\/es\/proyectos\/ficha-reducida-remolque-gassol-1978\/#primaryimage"},"image":{"@id":"https:\/\/preima.net\/es\/proyectos\/ficha-reducida-remolque-gassol-1978\/#primaryimage"},"thumbnailUrl":"https:\/\/preima.net\/wp-content\/uploads\/2024\/11\/proyect-6.jpg","datePublished":"2024-11-16T16:35:00+00:00","dateModified":"2025-01-21T17:25:22+00:00","breadcrumb":{"@id":"https:\/\/preima.net\/es\/proyectos\/ficha-reducida-remolque-gassol-1978\/#breadcrumb"},"inLanguage":"es","potentialAction":[{"@type":"ReadAction","target":["https:\/\/preima.net\/es\/proyectos\/ficha-reducida-remolque-gassol-1978\/"]}]},{"@type":"ImageObject","inLanguage":"es","@id":"https:\/\/preima.net\/es\/proyectos\/ficha-reducida-remolque-gassol-1978\/#primaryimage","url":"https:\/\/preima.net\/wp-content\/uploads\/2024\/11\/proyect-6.jpg","contentUrl":"https:\/\/preima.net\/wp-content\/uploads\/2024\/11\/proyect-6.jpg","width":1000,"height":563,"caption":"Fotografia \u00be davantera dreta del remolc"},{"@type":"BreadcrumbList","@id":"https:\/\/preima.net\/es\/proyectos\/ficha-reducida-remolque-gassol-1978\/#breadcrumb","itemListElement":[{"@type":"ListItem","position":1,"name":"Inici","item":"https:\/\/preima.net\/es\/"},{"@type":"ListItem","position":2,"name":"Projectes","item":"https:\/\/preima.net\/es\/proyectos\/"},{"@type":"ListItem","position":3,"name":"Ficha reducida remolque Gassol (1978)"}]},{"@type":"WebSite","@id":"https:\/\/preima.net\/es\/#website","url":"https:\/\/preima.net\/es\/","name":"PREiMA","description":"","publisher":{"@id":"https:\/\/preima.net\/es\/#organization"},"potentialAction":[{"@type":"SearchAction","target":{"@type":"EntryPoint","urlTemplate":"https:\/\/preima.net\/es\/?s={search_term_string}"},"query-input":{"@type":"PropertyValueSpecification","valueRequired":true,"valueName":"search_term_string"}}],"inLanguage":"es"},{"@type":"Organization","@id":"https:\/\/preima.net\/es\/#organization","name":"PREiMA","url":"https:\/\/preima.net\/es\/","logo":{"@type":"ImageObject","inLanguage":"es","@id":"https:\/\/preima.net\/es\/#\/schema\/logo\/image\/","url":"https:\/\/preima.net\/wp-content\/uploads\/2023\/03\/logo-preima.png","contentUrl":"https:\/\/preima.net\/wp-content\/uploads\/2023\/03\/logo-preima.png","width":432,"height":83,"caption":"PREiMA"},"image":{"@id":"https:\/\/preima.net\/es\/#\/schema\/logo\/image\/"},"sameAs":["https:\/\/www.linkedin.com\/company\/preima-enginyers\/"]}]}},"_links":{"self":[{"href":"https:\/\/preima.net\/es\/wp-json\/wp\/v2\/projectes\/1903","targetHints":{"allow":["GET"]}}],"collection":[{"href":"https:\/\/preima.net\/es\/wp-json\/wp\/v2\/projectes"}],"about":[{"href":"https:\/\/preima.net\/es\/wp-json\/wp\/v2\/types\/projectes"}],"version-history":[{"count":4,"href":"https:\/\/preima.net\/es\/wp-json\/wp\/v2\/projectes\/1903\/revisions"}],"predecessor-version":[{"id":1907,"href":"https:\/\/preima.net\/es\/wp-json\/wp\/v2\/projectes\/1903\/revisions\/1907"}],"wp:featuredmedia":[{"embeddable":true,"href":"https:\/\/preima.net\/es\/wp-json\/wp\/v2\/media\/1565"}],"wp:attachment":[{"href":"https:\/\/preima.net\/es\/wp-json\/wp\/v2\/media?parent=1903"}],"wp:term":[{"taxonomy":"categoria-projecte","embeddable":true,"href":"https:\/\/preima.net\/es\/wp-json\/wp\/v2\/categoria-projecte?post=1903"}],"curies":[{"name":"wp","href":"https:\/\/api.w.org\/{rel}","templated":true}]}}